{"id":7,"date":"2012-06-15T20:47:38","date_gmt":"2012-06-15T20:47:38","guid":{"rendered":"http:\/\/corso-coaching.de\/cc\/?page_id=7"},"modified":"2022-08-31T12:39:56","modified_gmt":"2022-08-31T12:39:56","slug":"impressum","status":"publish","type":"page","link":"https:\/\/corso-coaching.de\/cc\/impressum\/impressum\/","title":{"rendered":"Impressum"},"content":{"rendered":"<p><strong>Bea Schmitt <\/strong><em> (Einzelunternehmerin)<\/em><strong><br \/>\n<em>corso della vita<\/em><\/strong><em><br \/>\n<\/em><em>Beratung, Konfliktl\u00f6sung und Coaching, Therapie<\/em><br \/>\n<em>systemischer Coach und Beraterin<\/em><br \/>\n<em>Heilpraktikerin Psychotherapie (HPG)<\/em><br \/>\nRingstra\u00dfe 93<br \/>\n64297 Darmstadt (Ortsteil Eberstadt)<br \/>\nDeutschland<\/p>\n<p><strong>Berufsbezeichnung<\/strong>:<br \/>\nFreiberufliche Beraterin, Coach und Heilpraktikerin eingeschr\u00e4nkt auf das Gebiet der Psychotherapie<\/p>\n<p><strong>Beh\u00f6rdliche Zulassung durch<\/strong>:<br \/>\nB\u00fcrger- und Ordnungsamt der Wissenschaftsstadt Darmstadt, 2018 (Jahr der amts\u00e4rztlichen \u00dcberpr\u00fcfung)<\/p>\n<p><strong>Zust\u00e4ndige Aufsichtsbeh\u00f6rde<\/strong>:<br \/>\nGesundheitsamt der Stadt Darmstadt und des Landkreises Darmstadt-Dieburg,<br \/>\nNiersteiner Stra\u00dfe 3, 65295 Darmstadt<br \/>\nTelefon 06151 3309 0<\/p>\n<p>Gesetz \u00fcber die berufsm\u00e4\u00dfige Aus\u00fcbung der Heilkunde ohne Bestallung (Heilpraktikergesetz),<br \/>\nGesetz \u00fcber die Werbung auf dem Gebiete des Heilwesens (Heilmittelwerbegesetz).<br \/>\nDer Text dieser Regelungen ist einsehbar unter: <a href=\"http:\/\/bundesrecht.juris.de\">http:\/\/bundesrecht.juris.de<\/a> oder <a href=\"http:\/\/www.gesetze-im-internet.de\/heilprgdv_1\/index.html\">http:\/\/www.gesetze-im-internet.de\/heilprgdv_1\/index.html<\/a><\/p>\n<p>Die heilkundliche T\u00e4tigkeit ist von der Umsatzsteuer nach gem\u00e4\u00df \u00a7 4 Nr.14 UStG befreit<\/p>\n<p><strong>Steuer-Nr.<\/strong> 007 871 02102<br \/>\n<strong>Finanzamt Darmstadt<\/strong><br \/>\nUmsatzsteuerfrei gem\u00e4\u00df \u00a719 (1) UStG<\/p>\n<p><strong>Haftungshinweis: <\/strong><br \/>\nTrotz sorgf\u00e4ltiger inhaltlicher Kontrolle \u00fcbernehmen wir keine Haftung f\u00fcr die Inhalte externer Links.<br \/>\nF\u00fcr den Inhalt der verlinkten Seiten sind ausschlie\u00dflich deren Betreiber verantwortlich.<br \/>\nDer Nutzung von im Rahmen der Impressumspflicht ver\u00f6ffentlichten Kontaktdaten durch Dritte zur \u00dcbersendung von nicht ausdr\u00fccklich angeforderter Werbung und Informationsmaterialien wird hiermit ausdr\u00fccklich widersprochen.<br \/>\nDie Betreiber der Seiten behalten sich ausdr\u00fccklich rechtliche Schritte im Falle der unverlangten Zusendung von Werbeinformationen, etwa durch Spam-Mails, vor.<\/p>\n<p><strong>Inhaltlich verantwortlich: <\/strong><br \/>\nBea Schmitt<br \/>\nRingstra\u00dfe 93<br \/>\nD \u2013 64297 Darmstadt-Eberstadt<\/p>\n<p><strong>Webdesign<\/strong>: <a title=\"KREATIVKONTOR\" href=\"http:\/\/www.kreativkontor.de\" target=\"_blank\" rel=\"noopener noreferrer\">KREATIVKONTOR K\u00f6ln<\/a><\/p>\n<p><strong>Fotos:<\/strong><br \/>\nPortr\u00e4t: <a href=\"https:\/\/www.ellenlewis.de\/\">Ellen Lewis, Darmstadt<\/a> und Foto unter &#8222;Au\u00dfergew\u00f6hnliches&#8220;: <a href=\"http:\/\/www.fotodesign-vonderlinde.de\" target=\"_blank\" rel=\"noopener noreferrer\">Ulrike von der Linde<\/a><br \/>\nB\u00fcro: privat<br \/>\nModeration: <a href=\"https:\/\/www.team-ewen.de\/\" target=\"_blank\" rel=\"noopener noreferrer\">team ewen GbR<\/a>, Werner Lesser, Darmstadt<br \/>\nAchtsamkeit: <a href=\"http:\/\/pixelio.de\" target=\"_blank\" rel=\"noopener noreferrer\">Peter Bast\/pixelio.de<\/a><\/p>\n","protected":false},"excerpt":{"rendered":"<p>Bea Schmitt (Einzelunternehmerin) corso della vita Beratung, Konfliktl\u00f6sung und Coaching, Therapie systemischer Coach und Beraterin Heilpraktikerin Psychotherapie (HPG) Ringstra\u00dfe 93 64297 Darmstadt (Ortsteil Eberstadt) Deutschland Berufsbezeichnung: Freiberufliche Beraterin, Coach und &#8230;<\/p>\n","protected":false},"author":1,"featured_media":0,"parent":4,"menu_order":1,"comment_status":"closed","ping_status":"open","template":"","meta":[],"_links":{"self":[{"href":"https:\/\/corso-coaching.de\/cc\/wp-json\/wp\/v2\/pages\/7"}],"collection":[{"href":"https:\/\/corso-coaching.de\/cc\/wp-json\/wp\/v2\/pages"}],"about":[{"href":"https:\/\/corso-coaching.de\/cc\/wp-json\/wp\/v2\/types\/page"}],"author":[{"embeddable":true,"href":"https:\/\/corso-coaching.de\/cc\/wp-json\/wp\/v2\/users\/1"}],"replies":[{"embeddable":true,"href":"https:\/\/corso-coaching.de\/cc\/wp-json\/wp\/v2\/comments?post=7"}],"version-history":[{"count":27,"href":"https:\/\/corso-coaching.de\/cc\/wp-json\/wp\/v2\/pages\/7\/revisions"}],"predecessor-version":[{"id":2049,"href":"https:\/\/corso-coaching.de\/cc\/wp-json\/wp\/v2\/pages\/7\/revisions\/2049"}],"up":[{"embeddable":true,"href":"https:\/\/corso-coaching.de\/cc\/wp-json\/wp\/v2\/pages\/4"}],"wp:attachment":[{"href":"https:\/\/corso-coaching.de\/cc\/wp-json\/wp\/v2\/media?parent=7"}],"curies":[{"name":"wp","href":"https:\/\/api.w.org\/{rel}","templated":true}]}}